{"id":11564,"date":"2024-07-04T13:33:12","date_gmt":"2024-07-04T13:33:12","guid":{"rendered":"https:\/\/www.cortado.com\/?page_id=11564"},"modified":"2024-07-17T08:09:59","modified_gmt":"2024-07-17T08:09:59","slug":"cope-management","status":"publish","type":"page","link":"https:\/\/www.cortado.com\/de\/features\/cope-management\/","title":{"rendered":"COPE Management"},"content":{"rendered":"\n<div class=\"wp-block-cover is-light\" style=\"padding-top:var(--wp--preset--spacing--70);padding-right:var(--wp--preset--spacing--70);padding-bottom:var(--wp--preset--spacing--70);padding-left:var(--wp--preset--spacing--70)\"><span aria-hidden=\"true\" class=\"wp-block-cover__background  has-background-dim-100 has-background-dim\" style=\"background-color:#ffffff;\"><\/span><div class=\"wp-block-cover__inner-container is-layout-constrained wp-container-core-cover-is-layout-8904fbb8 wp-block-cover-is-layout-constrained\">\n<div class=\"wp-block-columns is-layout-flex wp-container-core-columns-is-layout-ad2f72ca wp-block-columns-is-layout-flex\">\n<div class=\"wp-block-column is-layout-flow wp-block-column-is-layout-flow\" style=\"flex-basis:25%\"><\/div>\n\n\n\n<div class=\"wp-block-column is-layout-flow wp-block-column-is-layout-flow\" style=\"flex-basis:80%\">\n<div class=\"wp-block-group\" style=\"padding-top:0;padding-right:0;padding-bottom:0;padding-left:0\"><div class=\"wp-block-group__inner-container is-layout-constrained wp-container-core-group-is-layout-c6b4b7cd wp-block-group-is-layout-constrained\">\n<h1 class=\"wp-block-heading has-text-align-center\" id=\"h-cope-management\" style=\"padding-right:0;padding-left:0\">COPE Management<\/h1>\n\n\n\n<p class=\"has-text-align-center emphasized\" style=\"padding-right:0;padding-left:0\">Nutzen Sie die Vorteile der COPE-Strategie (Corporate-Owned, Personally Enabled) und st\u00e4rken Sie Ihr Unternehmen mit einer sicheren und effizienten Ger\u00e4teverwaltung. Mit Cortado maximieren Sie die Kontrolle und Sicherheit \u00fcber firmenbereitgestellte Ger\u00e4te, w\u00e4hrend Ihre Mitarbeiter.innen von einer personalisierten und flexiblen Nutzung profitieren.<\/p>\n\n\n\n<div style=\"height:15px\" aria-hidden=\"true\" class=\"wp-block-spacer\"><\/div>\n\n\n\n<div class=\"wp-block-buttons is-content-justification-center is-layout-flex wp-container-core-buttons-is-layout-2362a97f wp-block-buttons-is-layout-flex\" style=\"padding-right:0;padding-left:0\">\n<div class=\"wp-block-button has-custom-width wp-block-button__width-25\"><a class=\"wp-block-button__link  has-text-color has-background has-link-color wp-element-button\" href=\"\/de\/testen\/\" style=\"color:#ffffff;background-color:#5d9200;\"><strong>Kostenlos testen<\/strong><\/a><\/div>\n\n\n\n<div class=\"wp-block-button has-custom-width wp-block-button__width-25 is-style-outline is-style-outline--1\"><a class=\"wp-block-button__link  has-text-color has-link-color wp-element-button\" href=\"https:\/\/www.cortado.com\/de\/ressourcen\/mdm-video-demo\/\" style=\"color:#5d9200;\"><strong>Video<\/strong> <strong>ansehen <\/strong><\/a><\/div>\n<\/div>\n<\/div><\/div>\n<\/div>\n\n\n\n<div class=\"wp-block-column is-layout-flow wp-block-column-is-layout-flow\" style=\"flex-basis:25%\"><\/div>\n<\/div>\n<\/div><\/div>\n\n\n\n<div style=\"height:100px\" aria-hidden=\"true\" class=\"wp-block-spacer\"><\/div>\n\n\n\n<div class=\"wp-block-group alignwide\"><div class=\"wp-block-group__inner-container is-layout-constrained wp-block-group-is-layout-constrained\">\n<div class=\"wp-block-media-text is-stacked-on-mobile\"><figure class=\"wp-block-media-text__media\"><img loading=\"lazy\" decoding=\"async\" width=\"700\" height=\"500\" src=\"https:\/\/www.cortado.com\/wp-content\/uploads\/cope-management-01.png\" alt=\"\" class=\"wp-image-11804 size-full\" srcset=\"https:\/\/www.cortado.com\/wp-content\/uploads\/cope-management-01.png 700w, https:\/\/www.cortado.com\/wp-content\/uploads\/cope-management-01-300x214.png 300w\" sizes=\"auto, (max-width: 700px) 100vw, 700px\" \/><\/figure><div class=\"wp-block-media-text__content\">\n<h2 class=\"wp-block-heading\" id=\"h-firmengerate-sicher-fur-geschaftliches-und-privates-nutzen\">Firmenger\u00e4te sicher f\u00fcr <mark style=\"background-color:rgba(0, 0, 0, 0);color:#518100;\" class=\"has-inline-color \">Gesch\u00e4ftliches und Privates <\/mark>nutzen<\/h2>\n\n\n\n<p>In der Arbeitswelt sind mobile L\u00f6sungen unerl\u00e4sslich, und &#8220;Corporate-Owned, Personally-Enabled&#8221; (COPE) ist ein Schl\u00fcssel dazu. Mit Cortado k\u00f6nnen Ihre Mitarbeiter.innen firmeneigene Ger\u00e4te sicher und effizient f\u00fcr gesch\u00e4ftliche und pers\u00f6nliche Zwecke nutzen. Unsere L\u00f6sung stellt die strikte Trennung gesch\u00e4ftlicher und privater Daten sicher, erm\u00f6glicht Unternehmen eine konsistente Ger\u00e4teverwaltung und erh\u00f6ht die Sicherheit, w\u00e4hrend Mitarbeiter.innen von der Flexibilit\u00e4t und Effizienz personalisierter Ger\u00e4te profitieren.<\/p>\n<\/div><\/div>\n\n\n\n<div style=\"height:100px\" aria-hidden=\"true\" class=\"wp-block-spacer\"><\/div>\n\n\n\n<div class=\"wp-block-media-text has-media-on-the-right is-stacked-on-mobile\"><div class=\"wp-block-media-text__content\">\n<h2 class=\"wp-block-heading\" id=\"h-schutzen-sie-unternehmensdaten-und-privatsphare\">Sch\u00fctzen Sie <mark style=\"background-color:rgba(0, 0, 0, 0);color:#518100;\" class=\"has-inline-color \">Unternehmensdaten und Privatsph\u00e4re<\/mark> <\/h2>\n\n\n\n<p>Mit COPE und Cortado gew\u00e4hrleisten Sie den maximalen Schutz Ihrer Unternehmensdaten, ohne die Privatsph\u00e4re Ihrer Mitarbeiter.innen zu kompromittieren. Unsere L\u00f6sung isoliert gesch\u00e4ftliche Anwendungen und Daten in einem sicheren Container, getrennt von den pers\u00f6nlichen Daten der Nutzer.innen. Mitarbeiter.innen k\u00f6nnen ihre Ger\u00e4te nicht nur eigenh\u00e4ndig registrieren, sondern auch jederzeit mit der Cortado App den Verwaltungsstatus ihres Ger\u00e4ts und die angewendeten Richtlinien kontrollieren. Diese Balance zwischen Sicherheit und Privatsph\u00e4re unterst\u00fctzt eine effektive und vertrauensw\u00fcrdige COPE-Strategie, die sowohl den Anforderungen des Unternehmens als auch den Bed\u00fcrfnissen der Mitarbeiter.innen gerecht wird.<\/p>\n<\/div><figure class=\"wp-block-media-text__media\"><img loading=\"lazy\" decoding=\"async\" width=\"700\" height=\"500\" src=\"https:\/\/www.cortado.com\/wp-content\/uploads\/byod_management_002.png\" alt=\"\" class=\"wp-image-11562 size-full\" srcset=\"https:\/\/www.cortado.com\/wp-content\/uploads\/byod_management_002.png 700w, https:\/\/www.cortado.com\/wp-content\/uploads\/byod_management_002-300x214.png 300w\" sizes=\"auto, (max-width: 700px) 100vw, 700px\" \/><\/figure><\/div>\n\n\n\n<div style=\"height:100px\" aria-hidden=\"true\" class=\"wp-block-spacer\"><\/div>\n\n\n\n<div class=\"wp-block-media-text is-stacked-on-mobile\"><figure class=\"wp-block-media-text__media\"><img loading=\"lazy\" decoding=\"async\" width=\"700\" height=\"500\" src=\"https:\/\/www.cortado.com\/wp-content\/uploads\/byod_software_03.png\" alt=\"\" class=\"wp-image-11556 size-full\" srcset=\"https:\/\/www.cortado.com\/wp-content\/uploads\/byod_software_03.png 700w, https:\/\/www.cortado.com\/wp-content\/uploads\/byod_software_03-300x214.png 300w\" sizes=\"auto, (max-width: 700px) 100vw, 700px\" \/><\/figure><div class=\"wp-block-media-text__content\">\n<h2 class=\"wp-block-heading\" id=\"h-ein-gerat-doppelte-nutzung-praktisch-und-umweltfreundlich\">Ein Ger\u00e4t, doppelte Nutzung: <mark style=\"background-color:rgba(0, 0, 0, 0);color:#518100;\" class=\"has-inline-color \">Praktisch und umweltfreundlich<\/mark><\/h2>\n\n\n\n<p>Mit COPE und Cortado k\u00f6nnen Ihre Mitarbeiter.innen ein einziges Ger\u00e4t sowohl f\u00fcr private als auch f\u00fcr gesch\u00e4ftliche Zwecke nutzen. So brauchen sie nicht st\u00e4ndig zwischen verschiedenen Ger\u00e4ten zu wechseln, was den Arbeitsalltag einfacher und angenehmer macht. Zudem f\u00f6rdert diese Praxis die Nachhaltigkeit, da weniger Ger\u00e4te produziert und entsorgt werden m\u00fcssen, was den \u00f6kologischen Fu\u00dfabdruck Ihres Unternehmens reduziert. So steigern Sie die Zufriedenheit Ihrer Mitarbeiter.innen und tragen gleichzeitig zur Schonung von Ressourcen bei.<\/p>\n<\/div><\/div>\n<\/div><\/div>\n\n\n\n<div style=\"height:100px\" aria-hidden=\"true\" class=\"wp-block-spacer\"><\/div>\n\n\n\n<div class=\"wp-block-group alignwide  has-background\" style=\"padding-top:var(--wp--preset--spacing--70);padding-right:var(--wp--preset--spacing--50);padding-bottom:var(--wp--preset--spacing--70);padding-left:var(--wp--preset--spacing--50);background-color:#ffffff;\"><div class=\"wp-block-group__inner-container is-layout-constrained wp-container-core-group-is-layout-06cea0f0 wp-block-group-is-layout-constrained\">\n<h2 class=\"wp-block-heading has-text-align-center\" id=\"h-alles-was-sie-fur-cope-benotigen\" style=\"padding-top:var(--wp--preset--spacing--30);padding-right:var(--wp--preset--spacing--80);padding-bottom:var(--wp--preset--spacing--30);padding-left:var(--wp--preset--spacing--80)\">Alles, was Sie f\u00fcr COPE ben\u00f6tigen<\/h2>\n\n\n\n<div style=\"height:25px\" aria-hidden=\"true\" class=\"wp-block-spacer\"><\/div>\n\n\n\n<div class=\"wp-block-columns is-layout-flex wp-container-core-columns-is-layout-ad2f72ca wp-block-columns-is-layout-flex\">\n<div class=\"wp-block-column is-layout-flow wp-block-column-is-layout-flow\" style=\"padding-right:var(--wp--preset--spacing--70);padding-left:var(--wp--preset--spacing--70)\">\n<div class=\"wp-block-group\"><div class=\"wp-block-group__inner-container is-layout-constrained wp-block-group-is-layout-constrained\"><div class=\"wp-block-image\">\n<figure class=\"aligncenter size-full\"><img loading=\"lazy\" decoding=\"async\" width=\"150\" height=\"100\" src=\"https:\/\/www.cortado.com\/wp-content\/uploads\/icon_seperation_150x100.png\" alt=\"\" class=\"wp-image-11913\"\/><\/figure>\n<\/div>\n\n\n<h4 class=\"wp-block-heading has-text-align-center has-medium-font-size\" id=\"h-datentrennung\">Datentrennung<\/h4>\n\n\n\n<div style=\"height:10px\" aria-hidden=\"true\" class=\"wp-block-spacer\"><\/div>\n\n\n\n<p class=\"has-text-align-center\">Unternehmensdaten werden strikt von privaten Daten auf den Firmenger\u00e4ten getrennt.<\/p>\n<\/div><\/div>\n<\/div>\n\n\n\n<div class=\"wp-block-column is-layout-flow wp-block-column-is-layout-flow\" style=\"padding-right:var(--wp--preset--spacing--70);padding-left:var(--wp--preset--spacing--70)\">\n<div class=\"wp-block-group\"><div class=\"wp-block-group__inner-container is-layout-constrained wp-block-group-is-layout-constrained\"><div class=\"wp-block-image\">\n<figure class=\"aligncenter size-full\"><img loading=\"lazy\" decoding=\"async\" width=\"150\" height=\"100\" src=\"https:\/\/www.cortado.com\/wp-content\/uploads\/icon_briefcase_150x100.png\" alt=\"\" class=\"wp-image-11968\"\/><\/figure>\n<\/div>\n\n\n<h4 class=\"wp-block-heading has-text-align-center\" id=\"h-verwalteter-arbeitsbereich\">Verwalteter Arbeitsbereich<\/h4>\n\n\n\n<div style=\"height:10px\" aria-hidden=\"true\" class=\"wp-block-spacer\"><\/div>\n\n\n\n<p class=\"has-text-align-center\">Konfigurationen, Apps und Dateien werden in einem isolierten Arbeitsbereich bereitgestellt und verwaltet.<\/p>\n<\/div><\/div>\n<\/div>\n\n\n\n<div class=\"wp-block-column is-layout-flow wp-block-column-is-layout-flow\" style=\"padding-right:var(--wp--preset--spacing--70);padding-left:var(--wp--preset--spacing--70)\">\n<div class=\"wp-block-group\"><div class=\"wp-block-group__inner-container is-layout-constrained wp-block-group-is-layout-constrained\"><div class=\"wp-block-image\">\n<figure class=\"aligncenter size-full\"><img loading=\"lazy\" decoding=\"async\" width=\"150\" height=\"100\" src=\"https:\/\/www.cortado.com\/wp-content\/uploads\/icon_privacy_150x100.png\" alt=\"\" class=\"wp-image-11970\"\/><\/figure>\n<\/div>\n\n\n<h4 class=\"wp-block-heading has-text-align-center\" id=\"h-schutz-der-privatsphare\">Schutz der Privatsph\u00e4re<\/h4>\n\n\n\n<div style=\"height:10px\" aria-hidden=\"true\" class=\"wp-block-spacer\"><\/div>\n\n\n\n<p class=\"has-text-align-center\">Private Apps und Daten bleiben unter alleiniger Kontrolle der Mitarbeiter.innen und f\u00fcr das Unternehmen unsichtbar.<\/p>\n<\/div><\/div>\n<\/div>\n<\/div>\n\n\n\n<div style=\"height:50px\" aria-hidden=\"true\" class=\"wp-block-spacer\"><\/div>\n\n\n\n<div class=\"wp-block-columns is-layout-flex wp-container-core-columns-is-layout-ad2f72ca wp-block-columns-is-layout-flex\">\n<div class=\"wp-block-column is-layout-flow wp-block-column-is-layout-flow\" style=\"padding-right:var(--wp--preset--spacing--70);padding-left:var(--wp--preset--spacing--70)\">\n<div class=\"wp-block-group\"><div class=\"wp-block-group__inner-container is-layout-constrained wp-block-group-is-layout-constrained\"><div class=\"wp-block-image\">\n<figure class=\"aligncenter size-full\"><img loading=\"lazy\" decoding=\"async\" width=\"150\" height=\"100\" src=\"https:\/\/www.cortado.com\/wp-content\/uploads\/icon_legal_150x100.png\" alt=\"\" class=\"wp-image-11899\"\/><\/figure>\n<\/div>\n\n\n<h4 class=\"wp-block-heading has-text-align-center\" id=\"h-dsgvo-konformitat\">DSGVO-Konformit\u00e4t<\/h4>\n\n\n\n<div style=\"height:10px\" aria-hidden=\"true\" class=\"wp-block-spacer\"><\/div>\n\n\n\n<p class=\"has-text-align-center\">Vorkonfigurierte Richtlinien-Templates machen die DSGVO-konforme Ger\u00e4teeinbindung besonders einfach.<\/p>\n<\/div><\/div>\n<\/div>\n\n\n\n<div class=\"wp-block-column is-layout-flow wp-block-column-is-layout-flow\" style=\"padding-right:var(--wp--preset--spacing--70);padding-left:var(--wp--preset--spacing--70)\">\n<div class=\"wp-block-group\"><div class=\"wp-block-group__inner-container is-layout-constrained wp-block-group-is-layout-constrained\"><div class=\"wp-block-image\">\n<figure class=\"aligncenter size-full\"><img loading=\"lazy\" decoding=\"async\" width=\"150\" height=\"100\" src=\"https:\/\/www.cortado.com\/wp-content\/uploads\/icon_email_wifi_vpn_150x100.png\" alt=\"\" class=\"wp-image-11972\"\/><\/figure>\n<\/div>\n\n\n<h4 class=\"wp-block-heading has-text-align-center\" id=\"h-e-mail-wlan-vpn\">E-Mail, WLAN, VPN <\/h4>\n\n\n\n<div style=\"height:10px\" aria-hidden=\"true\" class=\"wp-block-spacer\"><\/div>\n\n\n\n<p class=\"has-text-align-center\">Der dienstliche E-Mail-Account, WLAN und VPN werden auf Knopfdruck auf die Ger\u00e4te \u00fcbertragen.<\/p>\n<\/div><\/div>\n<\/div>\n\n\n\n<div class=\"wp-block-column is-layout-flow wp-block-column-is-layout-flow\" style=\"padding-right:var(--wp--preset--spacing--70);padding-left:var(--wp--preset--spacing--70)\">\n<div class=\"wp-block-group\"><div class=\"wp-block-group__inner-container is-layout-constrained wp-block-group-is-layout-constrained\"><div class=\"wp-block-image\">\n<figure class=\"aligncenter size-full\"><img loading=\"lazy\" decoding=\"async\" width=\"150\" height=\"100\" src=\"https:\/\/www.cortado.com\/wp-content\/uploads\/icon_eye_100x150.png\" alt=\"\" class=\"wp-image-11958\"\/><\/figure>\n<\/div>\n\n\n<h4 class=\"wp-block-heading has-text-align-center\" id=\"h-transparenz\">Transparenz<\/h4>\n\n\n\n<div style=\"height:10px\" aria-hidden=\"true\" class=\"wp-block-spacer\"><\/div>\n\n\n\n<p class=\"has-text-align-center\">Die Cortado App informiert Mitarbeiter.innen \u00fcber den Verwaltungsstatus ihres Ger\u00e4ts und angewendete Richtlinien. <\/p>\n<\/div><\/div>\n<\/div>\n<\/div>\n\n\n\n<div style=\"height:50px\" aria-hidden=\"true\" class=\"wp-block-spacer\"><\/div>\n\n\n\n<div class=\"wp-block-columns is-layout-flex wp-container-core-columns-is-layout-ad2f72ca wp-block-columns-is-layout-flex\">\n<div class=\"wp-block-column is-layout-flow wp-block-column-is-layout-flow\" style=\"padding-right:var(--wp--preset--spacing--70);padding-left:var(--wp--preset--spacing--70)\">\n<div class=\"wp-block-group\"><div class=\"wp-block-group__inner-container is-layout-constrained wp-block-group-is-layout-constrained\"><div class=\"wp-block-image\">\n<figure class=\"aligncenter size-full\"><img loading=\"lazy\" decoding=\"async\" width=\"150\" height=\"100\" src=\"https:\/\/www.cortado.com\/wp-content\/uploads\/icon_gears_150x100.png\" alt=\"\" class=\"wp-image-11974\"\/><\/figure>\n<\/div>\n\n\n<h4 class=\"wp-block-heading has-text-align-center\" id=\"h-app-und-datei-management\">App- und Datei-Management<\/h4>\n\n\n\n<div style=\"height:10px\" aria-hidden=\"true\" class=\"wp-block-spacer\"><\/div>\n\n\n\n<p class=\"has-text-align-center\">Geben Sie Mitarbeiter.innen sicheren Zugriff auf arbeitsrelevante Anwendungen.<\/p>\n<\/div><\/div>\n<\/div>\n\n\n\n<div class=\"wp-block-column is-layout-flow wp-block-column-is-layout-flow\" style=\"padding-right:var(--wp--preset--spacing--70);padding-left:var(--wp--preset--spacing--70)\">\n<div class=\"wp-block-group\"><div class=\"wp-block-group__inner-container is-layout-constrained wp-block-group-is-layout-constrained\"><div class=\"wp-block-image\">\n<figure class=\"aligncenter size-full\"><img loading=\"lazy\" decoding=\"async\" width=\"150\" height=\"100\" src=\"https:\/\/www.cortado.com\/wp-content\/uploads\/icon_person_computer_150x100.png\" alt=\"\" class=\"wp-image-11928\"\/><\/figure>\n<\/div>\n\n\n<h4 class=\"wp-block-heading has-text-align-center\" id=\"h-fernloschen-des-arbeitsbereichs\">Fernl\u00f6schen des Arbeitsbereichs<\/h4>\n\n\n\n<div style=\"height:10px\" aria-hidden=\"true\" class=\"wp-block-spacer\"><\/div>\n\n\n\n<p class=\"has-text-align-center\">Kommt ein Ger\u00e4t abhanden, k\u00f6nnen Unternehmen die Unternehmensdaten aus der Ferne l\u00f6schen.<\/p>\n<\/div><\/div>\n<\/div>\n\n\n\n<div class=\"wp-block-column is-layout-flow wp-block-column-is-layout-flow\" style=\"padding-right:var(--wp--preset--spacing--70);padding-left:var(--wp--preset--spacing--70)\"><div class=\"wp-block-image\">\n<figure class=\"aligncenter size-full\"><img loading=\"lazy\" decoding=\"async\" width=\"150\" height=\"100\" src=\"https:\/\/www.cortado.com\/wp-content\/uploads\/icon_sustainability_150x100.png\" alt=\"\" class=\"wp-image-11976\"\/><\/figure>\n<\/div>\n\n\n<h4 class=\"wp-block-heading has-text-align-center\" id=\"h-nachhaltigkeit\">Nachhaltigkeit<\/h4>\n\n\n\n<div style=\"height:10px\" aria-hidden=\"true\" class=\"wp-block-spacer\"><\/div>\n\n\n\n<p class=\"has-text-align-center\">Ihre Mitarbeiter.innen brauchen kein zweites, privates Ger\u00e4t, was Ressourcen und somit die Umwelt schont. <\/p>\n<\/div>\n<\/div>\n<\/div><\/div>\n\n\n\n<div style=\"height:75px\" aria-hidden=\"true\" class=\"wp-block-spacer\"><\/div>\n\n\n\n<div class=\"wp-block-group alignwide\"><div class=\"wp-block-group__inner-container is-layout-constrained wp-block-group-is-layout-constrained\">\n<h2 class=\"wp-block-heading has-text-align-center\" id=\"h-ob-android-oder-ios-mit-cortado-setzen-sie-cope-optimal-um\" style=\"padding-top:var(--wp--preset--spacing--50);padding-right:var(--wp--preset--spacing--70);padding-bottom:var(--wp--preset--spacing--50);padding-left:var(--wp--preset--spacing--70)\">Ob Android oder iOS: <br>Mit Cortado setzen Sie COPE optimal um<\/h2>\n\n\n\n<div style=\"height:25px\" aria-hidden=\"true\" class=\"wp-block-spacer\"><\/div>\n\n\n\n<div class=\"wp-block-columns is-layout-flex wp-container-core-columns-is-layout-ad2f72ca wp-block-columns-is-layout-flex\">\n<div class=\"wp-block-column is-layout-flow wp-block-column-is-layout-flow\">\n<div class=\"wp-block-media-text is-stacked-on-mobile is-vertically-aligned-top\" style=\"grid-template-columns:33% auto\"><figure class=\"wp-block-media-text__media\"><img loading=\"lazy\" decoding=\"async\" width=\"400\" height=\"796\" src=\"https:\/\/www.cortado.com\/wp-content\/uploads\/android_arbeitsbereich.png\" alt=\"\" class=\"wp-image-11577 size-full\" srcset=\"https:\/\/www.cortado.com\/wp-content\/uploads\/android_arbeitsbereich.png 400w, https:\/\/www.cortado.com\/wp-content\/uploads\/android_arbeitsbereich-151x300.png 151w\" sizes=\"auto, (max-width: 400px) 100vw, 400px\" \/><\/figure><div class=\"wp-block-media-text__content\">\n<h3 class=\"wp-block-heading has-text-align-left\" id=\"h-android-arbeitsprofil\">Android Arbeitsprofil<\/h3>\n\n\n\n<p class=\"has-text-align-left\">Auf Android-Ger\u00e4ten ist es das Arbeitsprofil, das gesch\u00e4ftliche Apps und Daten von privaten Apps und Daten trennt. <\/p>\n\n\n\n<p class=\"has-text-align-left\">W\u00e4hrend Organisationen gesch\u00e4ftliche Apps und Daten verwalten k\u00f6nnen, bleiben pers\u00f6nliche Apps und Daten nur f\u00fcr die Ger\u00e4te-Nutzer.innen sichtbar und zug\u00e4nglich.<\/p>\n\n\n\n<p class=\"has-text-align-left\">Apps, die per MDM verteilt werden, werden im Arbeitsprofil eingebettet und sind an einem kleinen Aktenkoffer-Symbol zu erkennen. So wissen Benutzer.innen stets, welche Apps zu ihrem Arbeitsbereich geh\u00f6ren.<\/p>\n<\/div><\/div>\n<\/div>\n\n\n\n<div class=\"wp-block-column is-layout-flow wp-block-column-is-layout-flow\">\n<div class=\"wp-block-media-text is-stacked-on-mobile is-vertically-aligned-top\" style=\"grid-template-columns:33% auto\"><figure class=\"wp-block-media-text__media\"><img loading=\"lazy\" decoding=\"async\" width=\"400\" height=\"796\" src=\"https:\/\/www.cortado.com\/wp-content\/uploads\/iphone_arbeitsapps.png\" alt=\"\" class=\"wp-image-11579 size-full\" srcset=\"https:\/\/www.cortado.com\/wp-content\/uploads\/iphone_arbeitsapps.png 400w, https:\/\/www.cortado.com\/wp-content\/uploads\/iphone_arbeitsapps-151x300.png 151w\" sizes=\"auto, (max-width: 400px) 100vw, 400px\" \/><\/figure><div class=\"wp-block-media-text__content\">\n<h3 class=\"wp-block-heading\" id=\"h-ios-datentrennung\">iOS Datentrennung<\/h3>\n\n\n\n<p>Auf iOS-Ger\u00e4ten erfolgt die Trennung gesch\u00e4ftlicher und privater Daten auf Basis einer zweiten Apple ID.<\/p>\n\n\n\n<p>Zus\u00e4tzlich zu der vom Unternehmen verwalteten Apple ID k\u00f6nnen Ger\u00e4te-Nutzer.innen ihre private Apple ID verbinden. Alle mit der privaten Apple ID verkn\u00fcpften Apps, Accounts und Daten geh\u00f6ren zum privaten Bereich des Ger\u00e4ts. <\/p>\n\n\n\n<p>Die Firma beh\u00e4lt die Kontrolle \u00fcber die verwaltete Apple ID und alle damit verbundenen Gesch\u00e4ftsdaten, w\u00e4hrend der private Bereich f\u00fcr das Unternehmen unzug\u00e4nglich bleibt.<\/p>\n\n\n\n<p><\/p>\n<\/div><\/div>\n<\/div>\n<\/div>\n<\/div><\/div>\n\n\n\n<div style=\"height:100px\" aria-hidden=\"true\" class=\"wp-block-spacer\"><\/div>\n\n\n\n<div class=\"wp-block-media-text alignfull is-stacked-on-mobile is-image-fill  has-background\" style=\"grid-template-columns:33% auto;background-color:#ffffff;\"><figure class=\"wp-block-media-text__media\" style=\"background-image:url(https:\/\/www.cortado.com\/wp-content\/uploads\/rathaus-eschenburg.jpg);background-position:50% 50%\"><img loading=\"lazy\" decoding=\"async\" width=\"800\" height=\"527\" src=\"https:\/\/www.cortado.com\/wp-content\/uploads\/rathaus-eschenburg.jpg\" alt=\"\" class=\"wp-image-9436 size-full\" srcset=\"https:\/\/www.cortado.com\/wp-content\/uploads\/rathaus-eschenburg.jpg 800w, https:\/\/www.cortado.com\/wp-content\/uploads\/rathaus-eschenburg-300x198.jpg 300w, https:\/\/www.cortado.com\/wp-content\/uploads\/rathaus-eschenburg-768x506.jpg 768w\" sizes=\"auto, (max-width: 800px) 100vw, 800px\" \/><\/figure><div class=\"wp-block-media-text__content\">\n<div style=\"height:50px\" aria-hidden=\"true\" class=\"wp-block-spacer\"><\/div>\n\n\n\n<p class=\"has-text-align-center has-large-font-size\">Die Gemeinde Eschenburg setzt auf iPhones f\u00fcr den Au\u00dfendienst und erlaubt Mitarbeiter.innen die private Nutzung<\/p>\n\n\n\n<blockquote class=\"wp-block-quote has-text-align-center is-layout-flow wp-block-quote-is-layout-flow\">\n<p class=\"has-text-align-center has-medium-font-size\">H\u00e4tten wir die Ger\u00e4te alle per Hand einrichten m\u00fcssen, w\u00e4ren wir lange besch\u00e4ftigt gewesen. Wir sind mit Cortado sehr zufrieden. Es funktioniert!<\/p>\n<cite>Timo G\u00e4\u00dfner, Gemeinde Eschenburg<\/cite><\/blockquote>\n\n\n\n<div style=\"height:25px\" aria-hidden=\"true\" class=\"wp-block-spacer\"><\/div>\n\n\n\n<div class=\"wp-block-buttons is-content-justification-center is-layout-flex wp-container-core-buttons-is-layout-16018d1d wp-block-buttons-is-layout-flex\">\n<div class=\"wp-block-button is-style-outline is-style-outline--2\"><a class=\"wp-block-button__link wp-element-button\" href=\"https:\/\/www.cortado.com\/de\/fallstudie\/gemeinde-eschenburg\/\"><strong>Kundenstory lesen<\/strong><\/a><\/div>\n<\/div>\n\n\n\n<div style=\"height:50px\" aria-hidden=\"true\" class=\"wp-block-spacer\"><\/div>\n<\/div><\/div>\n\n\n\n<div class=\"wp-block-group alignwide\"><div class=\"wp-block-group__inner-container is-layout-constrained wp-block-group-is-layout-constrained\">\n<div style=\"height:100px\" aria-hidden=\"true\" class=\"wp-block-spacer\"><\/div>\n\n\n\n<h2 class=\"wp-block-heading has-text-align-center\" id=\"h-empfohlene-ressourcen\">Empfohlene Ressourcen<\/h2>\n\n\n\n<p class=\"has-text-align-center\">F\u00fcr Ihren Start mit Cortado empfehlen wir die folgenden Ressourcen.<\/p>\n\n\n\n<div class=\"wp-block-columns is-layout-flex wp-container-core-columns-is-layout-ad2f72ca wp-block-columns-is-layout-flex\">\n<div class=\"wp-block-column is-layout-flow wp-block-column-is-layout-flow\">\n<div class=\"wp-block-cover is-light\"><span aria-hidden=\"true\" class=\"wp-block-cover__background has-white-background-color has-background-dim-100 has-background-dim\"><\/span><div class=\"wp-block-cover__inner-container is-layout-constrained wp-block-cover-is-layout-constrained\"><div class=\"wp-block-image\">\n<figure class=\"aligncenter size-thumbnail\"><img loading=\"lazy\" decoding=\"async\" width=\"150\" height=\"150\" src=\"https:\/\/www.cortado.com\/wp-content\/uploads\/icon_contract_250x250-150x150.png\" alt=\"\" class=\"wp-image-11582\" srcset=\"https:\/\/www.cortado.com\/wp-content\/uploads\/icon_contract_250x250-150x150.png 150w, https:\/\/www.cortado.com\/wp-content\/uploads\/icon_contract_250x250.png 250w\" sizes=\"auto, (max-width: 150px) 100vw, 150px\" \/><\/figure>\n<\/div>\n\n\n<div style=\"height:10px\" aria-hidden=\"true\" class=\"wp-block-spacer\"><\/div>\n\n\n\n<h3 class=\"wp-block-heading has-text-align-center\" id=\"h-cope-mustervereinbarung\">COPE-Mustervereinbarung<\/h3>\n\n\n\n<p class=\"has-text-align-center\">Nutzen Sie unsere Mustervereinbarung zur vertraglichen Regelung mit Miarbeiter.innen. <\/p>\n\n\n\n<p class=\"has-text-align-center\"><a href=\"\/de\/ressource\/cope-mustervereinbarung\/\" target=\"_blank\" rel=\"noreferrer noopener\">Kostenlos herunterladen \u2192<\/a><\/p>\n<\/div><\/div>\n<\/div>\n\n\n\n<div class=\"wp-block-column is-layout-flow wp-block-column-is-layout-flow\">\n<div class=\"wp-block-cover is-light\"><span aria-hidden=\"true\" class=\"wp-block-cover__background has-white-background-color has-background-dim-100 has-background-dim\"><\/span><div class=\"wp-block-cover__inner-container is-layout-constrained wp-block-cover-is-layout-constrained\"><div class=\"wp-block-image\">\n<figure class=\"aligncenter size-thumbnail\"><img loading=\"lazy\" decoding=\"async\" width=\"150\" height=\"150\" src=\"https:\/\/www.cortado.com\/wp-content\/uploads\/icon_pricetag_green_250x250px-150x150.png\" alt=\"Icon Preisschild\" class=\"wp-image-10909\" srcset=\"https:\/\/www.cortado.com\/wp-content\/uploads\/icon_pricetag_green_250x250px-150x150.png 150w, https:\/\/www.cortado.com\/wp-content\/uploads\/icon_pricetag_green_250x250px.png 250w\" sizes=\"auto, (max-width: 150px) 100vw, 150px\" \/><\/figure>\n<\/div>\n\n\n<div style=\"height:10px\" aria-hidden=\"true\" class=\"wp-block-spacer\"><\/div>\n\n\n\n<h3 class=\"wp-block-heading has-text-align-center\" id=\"h-plane-und-preise\">Pl\u00e4ne und Preise <\/h3>\n\n\n\n<p class=\"has-text-align-center\">Vergleichen Sie die Funktionen und finden Sie den f\u00fcr Ihr Unternehmen passenden Tarif.<\/p>\n\n\n\n<p class=\"has-text-align-center\"><a href=\"\/de\/abos-preise\/ppy\/\">Pl\u00e4ne und Preise \u2192 <\/a><\/p>\n<\/div><\/div>\n<\/div>\n\n\n\n<div class=\"wp-block-column is-layout-flow wp-block-column-is-layout-flow\">\n<div class=\"wp-block-cover is-light\"><span aria-hidden=\"true\" class=\"wp-block-cover__background has-white-background-color has-background-dim-100 has-background-dim\"><\/span><div class=\"wp-block-cover__inner-container is-layout-constrained wp-block-cover-is-layout-constrained\"><div class=\"wp-block-image\">\n<figure class=\"aligncenter size-thumbnail\"><img loading=\"lazy\" decoding=\"async\" width=\"150\" height=\"150\" src=\"https:\/\/www.cortado.com\/wp-content\/uploads\/icon_calendercheck_green_250x250px-150x150.png\" alt=\"\" class=\"wp-image-10917\" srcset=\"https:\/\/www.cortado.com\/wp-content\/uploads\/icon_calendercheck_green_250x250px-150x150.png 150w, https:\/\/www.cortado.com\/wp-content\/uploads\/icon_calendercheck_green_250x250px.png 250w\" sizes=\"auto, (max-width: 150px) 100vw, 150px\" \/><\/figure>\n<\/div>\n\n\n<div style=\"height:10px\" aria-hidden=\"true\" class=\"wp-block-spacer\"><\/div>\n\n\n\n<h3 class=\"wp-block-heading has-text-align-center\" id=\"h-personliche-beratung\">Pers\u00f6nliche Beratung <\/h3>\n\n\n\n<p class=\"has-text-align-center\">Unser Team beantwortet gerne alle Ihre Fragen rund um unsere L\u00f6sung und Services.<\/p>\n\n\n\n<p class=\"has-text-align-center\"><a href=\"\/de\/beratung\/\">Termin buchen \u2192<\/a><a href=\"https:\/\/www.cortado.com\/de\/beratung\/\"> <\/a><\/p>\n<\/div><\/div>\n<\/div>\n<\/div>\n\n\n\n<div style=\"height:50px\" aria-hidden=\"true\" class=\"wp-block-spacer\"><\/div>\n<\/div><\/div>\n\n\n\n<div class=\"wp-block-media-text alignfull has-media-on-the-right is-stacked-on-mobile is-image-fill  has-background\" style=\"background-color:#5d9200;\"><div class=\"wp-block-media-text__content\">\n<div class=\"wp-block-columns is-layout-flex wp-container-core-columns-is-layout-ad2f72ca wp-block-columns-is-layout-flex\">\n<div class=\"wp-block-column is-layout-flow wp-block-column-is-layout-flow\" style=\"flex-basis:10%\"><\/div>\n\n\n\n<div class=\"wp-block-column is-layout-flow wp-block-column-is-layout-flow\" style=\"flex-basis:90%\">\n<div style=\"height:125px\" aria-hidden=\"true\" class=\"wp-block-spacer\"><\/div>\n\n\n\n<p class=\"has-text-color has-link-color has-large-font-size wp-elements-5f9ec163a0b366c29b8b66a98f2b4d5f\" style=\"color:#ffffff\">Starten Sie jetzt und entdecken Sie, wie <strong>einfach, sicher und effizient <\/strong>Mobilger\u00e4teverwaltung mit Cortado geht. <\/p>\n\n\n\n<div style=\"height:25px\" aria-hidden=\"true\" class=\"wp-block-spacer\"><\/div>\n\n\n\n<div class=\"wp-block-buttons is-layout-flex wp-block-buttons-is-layout-flex\">\n<div class=\"wp-block-button has-custom-width wp-block-button__width-50\"><a class=\"wp-block-button__link  has-text-color has-background has-link-color wp-element-button\" href=\"\/de\/testen\/\" style=\"background-color:#ffffff;color:#5d9200;\"><strong>Jetzt kostenlos testen<\/strong><\/a><\/div>\n\n\n\n<div class=\"wp-block-button has-custom-width wp-block-button__width-50 is-style-outline is-style-outline--3\"><a class=\"wp-block-button__link has-text-color has-link-color wp-element-button\" href=\"\/de\/ressourcen\/mdm-video-demo\/\" style=\"color:#ffffff\"><strong>Demo-Video ansehen<\/strong><\/a><\/div>\n<\/div>\n\n\n\n<div style=\"height:125px\" aria-hidden=\"true\" class=\"wp-block-spacer\"><\/div>\n<\/div>\n<\/div>\n<\/div><figure class=\"wp-block-media-text__media\" style=\"background-image:url(https:\/\/www.cortado.com\/wp-content\/uploads\/cortado_hero_start.png);background-position:40% 24%\"><img loading=\"lazy\" decoding=\"async\" width=\"800\" height=\"500\" src=\"https:\/\/www.cortado.com\/wp-content\/uploads\/cortado_hero_start.png\" alt=\"\" class=\"wp-image-11263 size-full\" srcset=\"https:\/\/www.cortado.com\/wp-content\/uploads\/cortado_hero_start.png 800w, https:\/\/www.cortado.com\/wp-content\/uploads\/cortado_hero_start-300x188.png 300w, https:\/\/www.cortado.com\/wp-content\/uploads\/cortado_hero_start-768x480.png 768w\" sizes=\"auto, (max-width: 800px) 100vw, 800px\" \/><\/figure><\/div>\n","protected":false},"excerpt":{"rendered":"<p>Firmenger\u00e4te sicher f\u00fcr Gesch\u00e4ftliches und Privates nutzen In der Arbeitswelt sind mobile L\u00f6sungen unerl\u00e4sslich, und &#8220;Corporate-Owned, Personally-Enabled&#8221; (COPE) ist ein Schl\u00fcssel dazu. Mit Cortado k\u00f6nnen Ihre Mitarbeiter.innen firmeneigene Ger\u00e4te sicher und effizient f\u00fcr gesch\u00e4ftliche und pers\u00f6nliche Zwecke nutzen. Unsere L\u00f6sung stellt die strikte Trennung gesch\u00e4ftlicher und privater Daten sicher, erm\u00f6glicht Unternehmen eine konsistente Ger\u00e4teverwaltung und [&hellip;]<\/p>\n","protected":false},"author":17,"featured_media":12018,"parent":11083,"menu_order":0,"comment_status":"closed","ping_status":"closed","template":"page-templates\/gutenberg-page.php","meta":{"_acf_changed":false,"inline_featured_image":false,"advgb_blocks_editor_width":"","advgb_blocks_columns_visual_guide":"","footnotes":""},"class_list":["post-11564","page","type-page","status-publish","has-post-thumbnail","hentry"],"acf":[],"yoast_head":"<!-- This site is optimized with the Yoast SEO Premium plugin v21.9 (Yoast SEO v27.3) - https:\/\/yoast.com\/product\/yoast-seo-premium-wordpress\/ -->\n<title>COPE Management | Firmenger\u00e4te f\u00fcr private Nutzung sicher verwalten<\/title>\n<meta name=\"description\" content=\"Mit COPE Management von Cortado Firmenger\u00e4te sicher f\u00fcr private und gesch\u00e4ftliche Zwecke nutzen. Maximale Kontrolle und Flexibilit\u00e4t.\" \/>\n<meta name=\"robots\" content=\"index, follow, max-snippet:-1, max-image-preview:large, max-video-preview:-1\" \/>\n<link rel=\"canonical\" href=\"https:\/\/www.cortado.com\/de\/features\/cope-management\/\" \/>\n<meta property=\"og:locale\" content=\"de_DE\" \/>\n<meta property=\"og:type\" content=\"article\" \/>\n<meta property=\"og:title\" content=\"COPE Management\" \/>\n<meta property=\"og:description\" content=\"Mit COPE Management von Cortado Firmenger\u00e4te sicher f\u00fcr private und gesch\u00e4ftliche Zwecke nutzen. Maximale Kontrolle und Flexibilit\u00e4t.\" \/>\n<meta property=\"og:url\" content=\"https:\/\/www.cortado.com\/de\/features\/cope-management\/\" \/>\n<meta property=\"og:site_name\" content=\"Cortado\" \/>\n<meta property=\"article:publisher\" content=\"https:\/\/www.facebook.com\/CortadoMobileSolutions\/\" \/>\n<meta property=\"article:modified_time\" content=\"2024-07-17T08:09:59+00:00\" \/>\n<meta property=\"og:image\" content=\"https:\/\/www.cortado.com\/wp-content\/uploads\/cortado_mobile_solutions_fi.png\" \/>\n\t<meta property=\"og:image:width\" content=\"960\" \/>\n\t<meta property=\"og:image:height\" content=\"540\" \/>\n\t<meta property=\"og:image:type\" content=\"image\/png\" \/>\n<meta name=\"twitter:card\" content=\"summary_large_image\" \/>\n<meta name=\"twitter:site\" content=\"@cortado_com\" \/>\n<meta name=\"twitter:label1\" content=\"Gesch\u00e4tzte Lesezeit\" \/>\n\t<meta name=\"twitter:data1\" content=\"7 Minuten\" \/>\n<script type=\"application\/ld+json\" class=\"yoast-schema-graph\">{\"@context\":\"https:\\\/\\\/schema.org\",\"@graph\":[{\"@type\":\"WebPage\",\"@id\":\"https:\\\/\\\/www.cortado.com\\\/de\\\/features\\\/cope-management\\\/\",\"url\":\"https:\\\/\\\/www.cortado.com\\\/de\\\/features\\\/cope-management\\\/\",\"name\":\"COPE Management | Firmenger\u00e4te f\u00fcr private Nutzung sicher verwalten\",\"isPartOf\":{\"@id\":\"https:\\\/\\\/www.cortado.com\\\/de\\\/#website\"},\"primaryImageOfPage\":{\"@id\":\"https:\\\/\\\/www.cortado.com\\\/de\\\/features\\\/cope-management\\\/#primaryimage\"},\"image\":{\"@id\":\"https:\\\/\\\/www.cortado.com\\\/de\\\/features\\\/cope-management\\\/#primaryimage\"},\"thumbnailUrl\":\"https:\\\/\\\/www.cortado.com\\\/wp-content\\\/uploads\\\/cortado_mobile_solutions_fi.png\",\"datePublished\":\"2024-07-04T13:33:12+00:00\",\"dateModified\":\"2024-07-17T08:09:59+00:00\",\"description\":\"Mit COPE Management von Cortado Firmenger\u00e4te sicher f\u00fcr private und gesch\u00e4ftliche Zwecke nutzen. Maximale Kontrolle und Flexibilit\u00e4t.\",\"breadcrumb\":{\"@id\":\"https:\\\/\\\/www.cortado.com\\\/de\\\/features\\\/cope-management\\\/#breadcrumb\"},\"inLanguage\":\"de-DE\",\"potentialAction\":[{\"@type\":\"ReadAction\",\"target\":[\"https:\\\/\\\/www.cortado.com\\\/de\\\/features\\\/cope-management\\\/\"]}]},{\"@type\":\"ImageObject\",\"inLanguage\":\"de-DE\",\"@id\":\"https:\\\/\\\/www.cortado.com\\\/de\\\/features\\\/cope-management\\\/#primaryimage\",\"url\":\"https:\\\/\\\/www.cortado.com\\\/wp-content\\\/uploads\\\/cortado_mobile_solutions_fi.png\",\"contentUrl\":\"https:\\\/\\\/www.cortado.com\\\/wp-content\\\/uploads\\\/cortado_mobile_solutions_fi.png\",\"width\":960,\"height\":540,\"caption\":\"Cortado Mobile Solutions\"},{\"@type\":\"BreadcrumbList\",\"@id\":\"https:\\\/\\\/www.cortado.com\\\/de\\\/features\\\/cope-management\\\/#breadcrumb\",\"itemListElement\":[{\"@type\":\"ListItem\",\"position\":1,\"name\":\"Home\",\"item\":\"https:\\\/\\\/www.cortado.com\\\/de\\\/\"},{\"@type\":\"ListItem\",\"position\":2,\"name\":\"Features\",\"item\":\"https:\\\/\\\/www.cortado.com\\\/de\\\/features\\\/\"},{\"@type\":\"ListItem\",\"position\":3,\"name\":\"COPE Management\"}]},{\"@type\":\"WebSite\",\"@id\":\"https:\\\/\\\/www.cortado.com\\\/de\\\/#website\",\"url\":\"https:\\\/\\\/www.cortado.com\\\/de\\\/\",\"name\":\"Cortado\",\"description\":\"\",\"potentialAction\":[{\"@type\":\"SearchAction\",\"target\":{\"@type\":\"EntryPoint\",\"urlTemplate\":\"https:\\\/\\\/www.cortado.com\\\/de\\\/?s={search_term_string}\"},\"query-input\":{\"@type\":\"PropertyValueSpecification\",\"valueRequired\":true,\"valueName\":\"search_term_string\"}}],\"inLanguage\":\"de-DE\"}]}<\/script>\n<!-- \/ Yoast SEO Premium plugin. -->","yoast_head_json":{"title":"COPE Management | Firmenger\u00e4te f\u00fcr private Nutzung sicher verwalten","description":"Mit COPE Management von Cortado Firmenger\u00e4te sicher f\u00fcr private und gesch\u00e4ftliche Zwecke nutzen. Maximale Kontrolle und Flexibilit\u00e4t.","robots":{"index":"index","follow":"follow","max-snippet":"max-snippet:-1","max-image-preview":"max-image-preview:large","max-video-preview":"max-video-preview:-1"},"canonical":"https:\/\/www.cortado.com\/de\/features\/cope-management\/","og_locale":"de_DE","og_type":"article","og_title":"COPE Management","og_description":"Mit COPE Management von Cortado Firmenger\u00e4te sicher f\u00fcr private und gesch\u00e4ftliche Zwecke nutzen. Maximale Kontrolle und Flexibilit\u00e4t.","og_url":"https:\/\/www.cortado.com\/de\/features\/cope-management\/","og_site_name":"Cortado","article_publisher":"https:\/\/www.facebook.com\/CortadoMobileSolutions\/","article_modified_time":"2024-07-17T08:09:59+00:00","og_image":[{"width":960,"height":540,"url":"https:\/\/www.cortado.com\/wp-content\/uploads\/cortado_mobile_solutions_fi.png","type":"image\/png"}],"twitter_card":"summary_large_image","twitter_site":"@cortado_com","twitter_misc":{"Gesch\u00e4tzte Lesezeit":"7 Minuten"},"schema":{"@context":"https:\/\/schema.org","@graph":[{"@type":"WebPage","@id":"https:\/\/www.cortado.com\/de\/features\/cope-management\/","url":"https:\/\/www.cortado.com\/de\/features\/cope-management\/","name":"COPE Management | Firmenger\u00e4te f\u00fcr private Nutzung sicher verwalten","isPartOf":{"@id":"https:\/\/www.cortado.com\/de\/#website"},"primaryImageOfPage":{"@id":"https:\/\/www.cortado.com\/de\/features\/cope-management\/#primaryimage"},"image":{"@id":"https:\/\/www.cortado.com\/de\/features\/cope-management\/#primaryimage"},"thumbnailUrl":"https:\/\/www.cortado.com\/wp-content\/uploads\/cortado_mobile_solutions_fi.png","datePublished":"2024-07-04T13:33:12+00:00","dateModified":"2024-07-17T08:09:59+00:00","description":"Mit COPE Management von Cortado Firmenger\u00e4te sicher f\u00fcr private und gesch\u00e4ftliche Zwecke nutzen. Maximale Kontrolle und Flexibilit\u00e4t.","breadcrumb":{"@id":"https:\/\/www.cortado.com\/de\/features\/cope-management\/#breadcrumb"},"inLanguage":"de-DE","potentialAction":[{"@type":"ReadAction","target":["https:\/\/www.cortado.com\/de\/features\/cope-management\/"]}]},{"@type":"ImageObject","inLanguage":"de-DE","@id":"https:\/\/www.cortado.com\/de\/features\/cope-management\/#primaryimage","url":"https:\/\/www.cortado.com\/wp-content\/uploads\/cortado_mobile_solutions_fi.png","contentUrl":"https:\/\/www.cortado.com\/wp-content\/uploads\/cortado_mobile_solutions_fi.png","width":960,"height":540,"caption":"Cortado Mobile Solutions"},{"@type":"BreadcrumbList","@id":"https:\/\/www.cortado.com\/de\/features\/cope-management\/#breadcrumb","itemListElement":[{"@type":"ListItem","position":1,"name":"Home","item":"https:\/\/www.cortado.com\/de\/"},{"@type":"ListItem","position":2,"name":"Features","item":"https:\/\/www.cortado.com\/de\/features\/"},{"@type":"ListItem","position":3,"name":"COPE Management"}]},{"@type":"WebSite","@id":"https:\/\/www.cortado.com\/de\/#website","url":"https:\/\/www.cortado.com\/de\/","name":"Cortado","description":"","potentialAction":[{"@type":"SearchAction","target":{"@type":"EntryPoint","urlTemplate":"https:\/\/www.cortado.com\/de\/?s={search_term_string}"},"query-input":{"@type":"PropertyValueSpecification","valueRequired":true,"valueName":"search_term_string"}}],"inLanguage":"de-DE"}]}},"coauthors":[],"author_meta":{"author_link":"https:\/\/www.cortado.com\/de\/author\/damei\/","display_name":"Dana Meier"},"relative_dates":{"created":"Ver\u00f6ffentlicht 2 Jahren vor","modified":"Aktualisiert 2 Jahren vor"},"absolute_dates":{"created":"Ver\u00f6ffentlicht am Juli 4, 2024","modified":"Aktualisiert am Juli 17, 2024"},"absolute_dates_time":{"created":"Ver\u00f6ffentlicht am Juli 4, 2024 1:33 pm","modified":"Aktualisiert am Juli 17, 2024 8:09 am"},"featured_img_caption":"","featured_img":"https:\/\/www.cortado.com\/wp-content\/uploads\/cortado_mobile_solutions_fi.png","series_order":"","_links":{"self":[{"href":"https:\/\/www.cortado.com\/de\/wp-json\/wp\/v2\/pages\/11564","targetHints":{"allow":["GET"]}}],"collection":[{"href":"https:\/\/www.cortado.com\/de\/wp-json\/wp\/v2\/pages"}],"about":[{"href":"https:\/\/www.cortado.com\/de\/wp-json\/wp\/v2\/types\/page"}],"author":[{"embeddable":true,"href":"https:\/\/www.cortado.com\/de\/wp-json\/wp\/v2\/users\/17"}],"replies":[{"embeddable":true,"href":"https:\/\/www.cortado.com\/de\/wp-json\/wp\/v2\/comments?post=11564"}],"version-history":[{"count":0,"href":"https:\/\/www.cortado.com\/de\/wp-json\/wp\/v2\/pages\/11564\/revisions"}],"up":[{"embeddable":true,"href":"https:\/\/www.cortado.com\/de\/wp-json\/wp\/v2\/pages\/11083"}],"wp:featuredmedia":[{"embeddable":true,"href":"https:\/\/www.cortado.com\/de\/wp-json\/wp\/v2\/media\/12018"}],"wp:attachment":[{"href":"https:\/\/www.cortado.com\/de\/wp-json\/wp\/v2\/media?parent=11564"}],"curies":[{"name":"wp","href":"https:\/\/api.w.org\/{rel}","templated":true}]}}